{"id":21,"date":"2021-05-17T16:10:41","date_gmt":"2021-05-17T14:10:41","guid":{"rendered":"https:\/\/laplomberieducanal.com\/?page_id=21"},"modified":"2021-06-10T10:58:55","modified_gmt":"2021-06-10T08:58:55","slug":"equipe","status":"publish","type":"page","link":"https:\/\/laplomberieducanal.com\/index.php\/association-laplomberieducanal\/equipe\/","title":{"rendered":"Notre \u00e9quipe"},"content":{"rendered":"\n<h2 class=\"wp-block-heading\">La Plomberie du Canal, c\u2019est aussi un coll\u00e8ge associatif compos\u00e9 de passionn\u00e9s des arts et de la culture.<\/h2>\n\n\n\n<p>Sous <strong>gouvernance coll\u00e9giale<\/strong>, l\u2019association se compose de membres actifs pour lui permettre de mener \u00e0 bien ses missions tout en garantissant le respect de nos valeurs.<br>Le <strong>coll\u00e8ge associatif<\/strong> se compose de <strong>trois membres d\u00e9cisionnaires<\/strong> et de <strong>trois consultants<\/strong>, dont font partie <strong>deux partenaires<\/strong> ext\u00e9rieurs.<\/p>\n\n\n\n<p>L\u2019avantage de cette gouvernance est que <strong>tout adh\u00e9rent actif peut rejoindre le coll\u00e8ge associatif<\/strong>, sans s&rsquo;engager dans une fonction d\u00e9finie, mais pour apporter ses id\u00e9es et son avis pour faire avancer l&rsquo;association.<\/p>\n\n\n\n<h2 class=\"has-text-color wp-block-heading\" style=\"color:#a70048\">Le coll\u00e8ge associatif<\/h2>\n\n\n\n<div class=\"wp-block-columns is-layout-flex wp-container-core-columns-is-layout-1 wp-block-columns-is-layout-flex\">\n<div class=\"wp-block-column is-layout-flow wp-block-column-is-layout-flow\" style=\"flex-basis:33.33%\">\n<figure class=\"wp-block-image size-large\"><img data-recalc-dims=\"1\" loading=\"lazy\" decoding=\"async\" width=\"1024\" height=\"1024\" data-attachment-id=\"334\" data-permalink=\"https:\/\/laplomberieducanal.com\/index.php\/association-laplomberieducanal\/equipe\/catherine-riverain\/\" data-orig-file=\"https:\/\/i0.wp.com\/laplomberieducanal.com\/wp-content\/uploads\/2021\/05\/Catherine-Riverain.jpg?fit=1080%2C1080&amp;ssl=1\" data-orig-size=\"1080,1080\" data-comments-opened=\"1\" data-image-meta=\"{&quot;aperture&quot;:&quot;0&quot;,&quot;credit&quot;:&quot;&quot;,&quot;camera&quot;:&quot;&quot;,&quot;caption&quot;:&quot;&quot;,&quot;created_timestamp&quot;:&quot;0&quot;,&quot;copyright&quot;:&quot;&quot;,&quot;focal_length&quot;:&quot;0&quot;,&quot;iso&quot;:&quot;0&quot;,&quot;shutter_speed&quot;:&quot;0&quot;,&quot;title&quot;:&quot;&quot;,&quot;orientation&quot;:&quot;1&quot;}\" data-image-title=\"Catherine-Riverain\" data-image-description=\"\" data-image-caption=\"\" data-medium-file=\"https:\/\/i0.wp.com\/laplomberieducanal.com\/wp-content\/uploads\/2021\/05\/Catherine-Riverain.jpg?fit=300%2C300&amp;ssl=1\" data-large-file=\"https:\/\/i0.wp.com\/laplomberieducanal.com\/wp-content\/uploads\/2021\/05\/Catherine-Riverain.jpg?fit=1024%2C1024&amp;ssl=1\" tabindex=\"0\" role=\"button\" src=\"https:\/\/i0.wp.com\/laplomberieducanal.com\/wp-content\/uploads\/2021\/05\/Catherine-Riverain.jpg?resize=1024%2C1024&#038;ssl=1\" alt=\"\" class=\"wp-image-334\" srcset=\"https:\/\/i0.wp.com\/laplomberieducanal.com\/wp-content\/uploads\/2021\/05\/Catherine-Riverain.jpg?resize=1024%2C1024&amp;ssl=1 1024w, https:\/\/i0.wp.com\/laplomberieducanal.com\/wp-content\/uploads\/2021\/05\/Catherine-Riverain.jpg?resize=300%2C300&amp;ssl=1 300w, https:\/\/i0.wp.com\/laplomberieducanal.com\/wp-content\/uploads\/2021\/05\/Catherine-Riverain.jpg?resize=150%2C150&amp;ssl=1 150w, https:\/\/i0.wp.com\/laplomberieducanal.com\/wp-content\/uploads\/2021\/05\/Catherine-Riverain.jpg?resize=768%2C768&amp;ssl=1 768w, https:\/\/i0.wp.com\/laplomberieducanal.com\/wp-content\/uploads\/2021\/05\/Catherine-Riverain.jpg?w=1080&amp;ssl=1 1080w\" sizes=\"(max-width: 1024px) 100vw, 1024px\" \/><\/figure>\n\n\n\n<div class=\"wp-block-buttons is-content-justification-center is-layout-flex wp-block-buttons-is-layout-flex\">\n<div class=\"wp-block-button\"><a class=\"wp-block-button__link has-background\" href=\"http:\/\/www.catherine-riverain.fr\/\" style=\"background-color:#febe32\" target=\"_blank\" rel=\"noreferrer noopener\">D\u00e9couvrir son travail<\/a><\/div>\n<\/div>\n<\/div>\n\n\n\n<div class=\"wp-block-column is-vertically-aligned-top is-layout-flow wp-block-column-is-layout-flow\" style=\"flex-basis:66.66%\">\n<h3 class=\"wp-block-heading\">Catherine Riverain<\/h3>\n\n\n\n<h4 class=\"has-text-color wp-block-heading\" style=\"color:#a70048\">Repr\u00e9sentante administrative<\/h4>\n\n\n\n<p>Com\u00e9dienne, plasticienne form\u00e9e \u00e0 l&rsquo;\u00c9cole Nationale Sup\u00e9rieure des Beaux-Arts de Paris et aux Cours Florent, elle joue au th\u00e9\u00e2tre et expose r\u00e9guli\u00e8rement. En parall\u00e8le, elle anime des ateliers artistiques. <br><\/p>\n\n\n\n<p>Apr\u00e8s des ann\u00e9es d\u2019exp\u00e9riences th\u00e9\u00e2trales et dans les arts plastiques, elle quitte Paris pour s\u2019installer en Bretagne. C\u2019est en 2010 qu\u2019elle d\u00e9couvre l\u2019association et c&rsquo;est le coup de foudre.<br>Elle met son savoir faire et son exp\u00e9rience dans son expertise de la sc\u00e9nographie et de la mise en sc\u00e8ne, de l\u2019animation et du milieu associatif.<\/p>\n\n\n\n<p><strong>R\u00e9f\u00e9rences culturelles<\/strong> : Moli\u00e8re, Anouilh, JM Ribes, Brel, Brassens, B. Dimey, Le Caravage, Breughel, Van Gogh\u2026 <\/p>\n<\/div>\n<\/div>\n\n\n\n<hr class=\"wp-block-separator\"\/>\n\n\n\n<div class=\"wp-block-columns is-layout-flex wp-container-core-columns-is-layout-2 wp-block-columns-is-layout-flex\">\n<div class=\"wp-block-column is-layout-flow wp-block-column-is-layout-flow\" style=\"flex-basis:66.66%\">\n<h3 class=\"wp-block-heading\">Aude Frogeais<\/h3>\n\n\n\n<h4 class=\"has-text-color wp-block-heading\" style=\"color:#a70048\">Secr\u00e9taire et comptable<\/h4>\n\n\n\n<p>Accompagnatrice d&rsquo;enfants en situation de handicap (AESH), Aude Frogeais a pratiqu\u00e9 la danse et le th\u00e9\u00e2tre en amateur dans sa jeunesse. C\u2019est donc autour de l\u2019art qu\u2019elle axera son BAFA.&nbsp;Titulaire d\u2019un BTS de Comptabilit\u00e9, elle se sent n\u00e9anmoins attir\u00e9e par l\u2019encadrement \u00e9ducatif d\u2019enfants et de jeunes. Elle sera garde d\u2019enfants, animatrice, assistante de vie scolaire et enfin accompagnatrice d\u2019enfants en situation de handicap (AESH). Cela lui permet d\u2019utiliser la cr\u00e9ativit\u00e9 et l\u2019\u00e9coute au service du d\u00e9veloppement de l\u2019enfant.<\/p>\n\n\n\n<p>Dans l\u2019association, elle met ses comp\u00e9tences de comptable en tant que tr\u00e9sori\u00e8re, anime quelques ateliers et apporte au coll\u00e8ge associatif sa connaissance de l\u2019enfance pour le choix des activit\u00e9s. <\/p>\n\n\n\n<p><br><strong>R\u00e9f\u00e9rences culturelles<\/strong> : <\/p>\n<\/div>\n\n\n\n<div class=\"wp-block-column is-layout-flow wp-block-column-is-layout-flow\" style=\"flex-basis:33.33%\">\n<figure class=\"wp-block-image size-large\"><img data-recalc-dims=\"1\" loading=\"lazy\" decoding=\"async\" width=\"1024\" height=\"1024\" data-attachment-id=\"901\" data-permalink=\"https:\/\/laplomberieducanal.com\/index.php\/association-laplomberieducanal\/equipe\/aude-f-2\/\" data-orig-file=\"https:\/\/i0.wp.com\/laplomberieducanal.com\/wp-content\/uploads\/2021\/06\/Aude-F.-2.jpg?fit=1080%2C1080&amp;ssl=1\" data-orig-size=\"1080,1080\" data-comments-opened=\"1\" data-image-meta=\"{&quot;aperture&quot;:&quot;0&quot;,&quot;credit&quot;:&quot;&quot;,&quot;camera&quot;:&quot;&quot;,&quot;caption&quot;:&quot;&quot;,&quot;created_timestamp&quot;:&quot;0&quot;,&quot;copyright&quot;:&quot;&quot;,&quot;focal_length&quot;:&quot;0&quot;,&quot;iso&quot;:&quot;0&quot;,&quot;shutter_speed&quot;:&quot;0&quot;,&quot;title&quot;:&quot;&quot;,&quot;orientation&quot;:&quot;1&quot;}\" data-image-title=\"Aude-F.-2\" data-image-description=\"\" data-image-caption=\"\" data-medium-file=\"https:\/\/i0.wp.com\/laplomberieducanal.com\/wp-content\/uploads\/2021\/06\/Aude-F.-2.jpg?fit=300%2C300&amp;ssl=1\" data-large-file=\"https:\/\/i0.wp.com\/laplomberieducanal.com\/wp-content\/uploads\/2021\/06\/Aude-F.-2.jpg?fit=1024%2C1024&amp;ssl=1\" tabindex=\"0\" role=\"button\" src=\"https:\/\/i0.wp.com\/laplomberieducanal.com\/wp-content\/uploads\/2021\/06\/Aude-F.-2.jpg?resize=1024%2C1024&#038;ssl=1\" alt=\"\" class=\"wp-image-901\" srcset=\"https:\/\/i0.wp.com\/laplomberieducanal.com\/wp-content\/uploads\/2021\/06\/Aude-F.-2.jpg?resize=1024%2C1024&amp;ssl=1 1024w, https:\/\/i0.wp.com\/laplomberieducanal.com\/wp-content\/uploads\/2021\/06\/Aude-F.-2.jpg?resize=300%2C300&amp;ssl=1 300w, https:\/\/i0.wp.com\/laplomberieducanal.com\/wp-content\/uploads\/2021\/06\/Aude-F.-2.jpg?resize=150%2C150&amp;ssl=1 150w, https:\/\/i0.wp.com\/laplomberieducanal.com\/wp-content\/uploads\/2021\/06\/Aude-F.-2.jpg?resize=768%2C768&amp;ssl=1 768w, https:\/\/i0.wp.com\/laplomberieducanal.com\/wp-content\/uploads\/2021\/06\/Aude-F.-2.jpg?w=1080&amp;ssl=1 1080w\" sizes=\"(max-width: 1024px) 100vw, 1024px\" \/><\/figure>\n<\/div>\n<\/div>\n\n\n\n<div class=\"wp-block-columns is-layout-flex wp-container-core-columns-is-layout-3 wp-block-columns-is-layout-flex\">\n<div class=\"wp-block-column is-layout-flow wp-block-column-is-layout-flow\">\n<p>Romans historiques : <em>Le Dossier Hitler<\/em>, H. Eberl\u00e9 et M. Uhl<br>\u0152uvre romanc\u00e9 : <em>Les enfants de la Terre<\/em>, Jean M. Auel <br>\u0152uvre d&rsquo;actualit\u00e9 : <em>R\u00e9volution<\/em>, E. Macron<br><em>Etat de Si\u00e8ge<\/em>, Mickael Wolf&nbsp; &nbsp; &nbsp; &nbsp; &nbsp;<br>Fantastique : <em>L&rsquo;\u00e9p\u00e9e de V\u00e9rit\u00e9<\/em>, Terry Goodking<br>Autres : <em>Les 7 habitudes de ceux qui r\u00e9alisent tout ce qu&rsquo;ils entreprennent<\/em>, Stephen R. Covey<br>\u0152uvre collective : <em>Analyse Juridique des contes de F\u00e9es<\/em><\/p>\n<\/div>\n\n\n\n<div class=\"wp-block-column is-layout-flow wp-block-column-is-layout-flow\">\n<p>Li\u00e9es \u00e0 mon travail\u00a0: <em>Les intelligences Multiples<\/em>, J. Schovanec<br><em>La langue des signes<\/em>\u00a0<br>Divers : lecture sur les El\u00e8ves\u00a0ou jeunes \u00e0 Haut Potentiel\u00a0 \u00a0 \u00a0 \u00a0 \u00a0 \u00a0 \u00a0 \u00a0 \u00a0<br>Freud <br>Les classiques  : Moli\u00e8res,\u00a0Edgar Allan\u00a0Poe, Victor Hugo,\u00a0William Shakespeare, <em>Orgueil et Pr\u00e9jug\u00e9s<\/em>, Jane Austen<br>Musique : Patrick Fiori, Yannick Noah, Debussy, Ravel, H\u00e9l\u00e8ne S\u00e9gara, Les 3 Fromages, John Barrowman, A-HA, BO bleu, IP5<\/p>\n<\/div>\n\n\n\n<div class=\"wp-block-column is-layout-flow wp-block-column-is-layout-flow\">\n<p>Livres et s\u00e9ries : <em>Harry Potter<\/em>, \u00a0J.K. Rolling <br>Films Historiques :\u00a0<em>The Great Show Man<\/em><br>Film d&rsquo;animations Disney DreamWork<br>Film d&rsquo;action : <em>Mission\u00a0Impossible<\/em>, <em>James Bond<br><\/em>Fiction :  <em>Gravity<\/em><br>Film fantastique : <em>Les Animaux Fantastiques<\/em><br>S\u00e9ries : <em>Doctor Who, S.W.A.T, Les Hommes de l&rsquo;ombre, Hawa\u00ef 5.0, Engrenage<\/em><br>Peinture : <em>Les nymph\u00e9as<\/em>, Monet<\/p>\n<\/div>\n<\/div>\n\n\n\n<hr class=\"wp-block-separator\"\/>\n\n\n\n<div class=\"wp-block-columns is-layout-flex wp-container-core-columns-is-layout-4 wp-block-columns-is-layout-flex\">\n<div class=\"wp-block-column is-layout-flow wp-block-column-is-layout-flow\" style=\"flex-basis:33.33%\">\n<figure class=\"wp-block-image size-large\"><img data-recalc-dims=\"1\" loading=\"lazy\" decoding=\"async\" width=\"1024\" height=\"1024\" data-attachment-id=\"899\" data-permalink=\"https:\/\/laplomberieducanal.com\/index.php\/association-laplomberieducanal\/equipe\/emmanuel-f-2\/\" data-orig-file=\"https:\/\/i0.wp.com\/laplomberieducanal.com\/wp-content\/uploads\/2021\/06\/Emmanuel-F.-2.jpg?fit=1080%2C1080&amp;ssl=1\" data-orig-size=\"1080,1080\" data-comments-opened=\"1\" data-image-meta=\"{&quot;aperture&quot;:&quot;0&quot;,&quot;credit&quot;:&quot;&quot;,&quot;camera&quot;:&quot;&quot;,&quot;caption&quot;:&quot;&quot;,&quot;created_timestamp&quot;:&quot;0&quot;,&quot;copyright&quot;:&quot;&quot;,&quot;focal_length&quot;:&quot;0&quot;,&quot;iso&quot;:&quot;0&quot;,&quot;shutter_speed&quot;:&quot;0&quot;,&quot;title&quot;:&quot;&quot;,&quot;orientation&quot;:&quot;1&quot;}\" data-image-title=\"Emmanuel-F.-2\" data-image-description=\"\" data-image-caption=\"\" data-medium-file=\"https:\/\/i0.wp.com\/laplomberieducanal.com\/wp-content\/uploads\/2021\/06\/Emmanuel-F.-2.jpg?fit=300%2C300&amp;ssl=1\" data-large-file=\"https:\/\/i0.wp.com\/laplomberieducanal.com\/wp-content\/uploads\/2021\/06\/Emmanuel-F.-2.jpg?fit=1024%2C1024&amp;ssl=1\" tabindex=\"0\" role=\"button\" src=\"https:\/\/i0.wp.com\/laplomberieducanal.com\/wp-content\/uploads\/2021\/06\/Emmanuel-F.-2.jpg?resize=1024%2C1024&#038;ssl=1\" alt=\"\" class=\"wp-image-899\" srcset=\"https:\/\/i0.wp.com\/laplomberieducanal.com\/wp-content\/uploads\/2021\/06\/Emmanuel-F.-2.jpg?resize=1024%2C1024&amp;ssl=1 1024w, https:\/\/i0.wp.com\/laplomberieducanal.com\/wp-content\/uploads\/2021\/06\/Emmanuel-F.-2.jpg?resize=300%2C300&amp;ssl=1 300w, https:\/\/i0.wp.com\/laplomberieducanal.com\/wp-content\/uploads\/2021\/06\/Emmanuel-F.-2.jpg?resize=150%2C150&amp;ssl=1 150w, https:\/\/i0.wp.com\/laplomberieducanal.com\/wp-content\/uploads\/2021\/06\/Emmanuel-F.-2.jpg?resize=768%2C768&amp;ssl=1 768w, https:\/\/i0.wp.com\/laplomberieducanal.com\/wp-content\/uploads\/2021\/06\/Emmanuel-F.-2.jpg?w=1080&amp;ssl=1 1080w\" sizes=\"(max-width: 1024px) 100vw, 1024px\" \/><\/figure>\n<\/div>\n\n\n\n<div class=\"wp-block-column is-layout-flow wp-block-column-is-layout-flow\" style=\"flex-basis:66.66%\">\n<h3 class=\"wp-block-heading\">Emmanuel Frogeais<\/h3>\n\n\n\n<h4 class=\"has-text-color wp-block-heading\" style=\"color:#a70048\">Assistant technique<\/h4>\n\n\n\n<p>Emmanuel commence le th\u00e9\u00e2tre \u00e0 7 ans, \u00e9crit sa premi\u00e8re pi\u00e8ce de th\u00e9\u00e2tre \u00e0 8 ans \u00ab&nbsp;<em>Le combat des princes<\/em>&nbsp;\u00bb qui sera jou\u00e9e deux ans plus tard. <br>Passionn\u00e9, curieux de tout, l\u2019oralit\u00e9 est son domaine et c\u2019est tout naturellement qu\u2019il s\u2019oriente vers des \u00e9tudes de droit.&nbsp;<\/p>\n\n\n\n<p>Apr\u00e8s sa ma\u00eetrise de Droit, il d\u00e9sire se mettre au service de ses concitoyens. C\u2019est pour cela qu\u2019au sein de l\u2019association, il est d\u2019une aide pr\u00e9cieuse pour tous les aspects techniques et il coordonne les commissions.<\/p>\n\n\n\n<p><strong>R\u00e9f\u00e9rences culturelles<\/strong> : <\/p>\n\n\n\n<ul><li>Litt\u00e9raire : Micheal Connelly, Jane Austen<\/li><li>Musique : Jazz, Lorie, Clara Luciani, Barbara Pravi, B\u00e9nabar, Charles Aznavour et Calogero<\/li><li>Cin\u00e9ma : Louis De Funes, <em>James Bond<\/em>, <em>Star Wars<\/em>.<\/li><li>Po\u00e9sie : Christian Poirier, Philippe Delaveau<\/li><li>S\u00e9rie : <em>Engrenage<\/em>, <em>Les Hommes De L&rsquo;Ombre<\/em> et <em>Le Bureau des L\u00e9gendes<\/em><\/li><\/ul>\n<\/div>\n<\/div>\n\n\n\n<hr class=\"wp-block-separator\"\/>\n\n\n\n<div class=\"wp-block-columns is-layout-flex wp-container-core-columns-is-layout-5 wp-block-columns-is-layout-flex\">\n<div class=\"wp-block-column is-layout-flow wp-block-column-is-layout-flow\" style=\"flex-basis:66.66%\">\n<h3 class=\"wp-block-heading\">Eddy Frogeais<\/h3>\n\n\n\n<h4 class=\"has-text-color wp-block-heading\" style=\"color:#a70048\">Directeur artistique et p\u00e9dagogique<\/h4>\n\n\n\n<p>Com\u00e9dien professionnel form\u00e9 aux Cours Florent, dipl\u00f4m\u00e9 d\u2019une licence professionnelle d\u2019encadrement d\u2019ateliers th\u00e9\u00e2tre \u00e0 Sorbonne Nouvelle, il encadre des ateliers th\u00e9\u00e2tre depuis 1997. En 2001, il devient directeur artistique d\u2019une troupe de th\u00e9\u00e2tre (La Compagnie du Message) o\u00f9 il s\u2019essaie \u00e0 l\u2019art de la mise en sc\u00e8ne. Il cr\u00e9e pendant 5 ann\u00e9es, trois productions par an. <br>C\u2019est en 2009 qu\u2019Eddy Frogeais a cr\u00e9\u00e9 La Plomberie du Canal et devient directeur artistique et p\u00e9dagogique. Il partage sa vie entre ses fonctions de directeur, son m\u00e9tier de com\u00e9dien (th\u00e9\u00e2tre, arts de la rue, \u00e9v\u00e9nementiel, Cin\u00e9-TV, doublage), de metteur en sc\u00e8ne et d\u2019intervenant th\u00e9\u00e2tre.<br><br><strong>R\u00e9f\u00e9rences culturelles<\/strong> : <\/p>\n\n\n\n<ul><li>Th\u00e9\u00e2tre : Shakespeare, Victor Hugo, Georges Feydeau<\/li><li>Litt\u00e9rature : Eric-Emmanuel Schmitt, La Bible <\/li><li>Cin\u00e9ma : La Vie des autres de Florian Henckel von Donnersmarck, La Folie des grandeurs de G\u00e9rard Oury, Chantons sous la pluie de Stanley Donen et Gene Kelly <\/li><li>Musique : Jazz, Pop anglaise et chanson fran\u00e7aise.<\/li><\/ul>\n<\/div>\n\n\n\n<div class=\"wp-block-column is-layout-flow wp-block-column-is-layout-flow\" style=\"flex-basis:33.33%\">\n<figure class=\"wp-block-image size-large\"><img data-recalc-dims=\"1\" loading=\"lazy\" decoding=\"async\" width=\"1024\" height=\"1024\" data-attachment-id=\"335\" data-permalink=\"https:\/\/laplomberieducanal.com\/index.php\/association-laplomberieducanal\/equipe\/eddy-frogeais\/\" data-orig-file=\"https:\/\/i0.wp.com\/laplomberieducanal.com\/wp-content\/uploads\/2021\/05\/Eddy-Frogeais.jpg?fit=1080%2C1080&amp;ssl=1\" data-orig-size=\"1080,1080\" data-comments-opened=\"1\" data-image-meta=\"{&quot;aperture&quot;:&quot;0&quot;,&quot;credit&quot;:&quot;&quot;,&quot;camera&quot;:&quot;&quot;,&quot;caption&quot;:&quot;&quot;,&quot;created_timestamp&quot;:&quot;0&quot;,&quot;copyright&quot;:&quot;&quot;,&quot;focal_length&quot;:&quot;0&quot;,&quot;iso&quot;:&quot;0&quot;,&quot;shutter_speed&quot;:&quot;0&quot;,&quot;title&quot;:&quot;&quot;,&quot;orientation&quot;:&quot;1&quot;}\" data-image-title=\"Eddy-Frogeais\" data-image-description=\"\" data-image-caption=\"\" data-medium-file=\"https:\/\/i0.wp.com\/laplomberieducanal.com\/wp-content\/uploads\/2021\/05\/Eddy-Frogeais.jpg?fit=300%2C300&amp;ssl=1\" data-large-file=\"https:\/\/i0.wp.com\/laplomberieducanal.com\/wp-content\/uploads\/2021\/05\/Eddy-Frogeais.jpg?fit=1024%2C1024&amp;ssl=1\" tabindex=\"0\" role=\"button\" src=\"https:\/\/i0.wp.com\/laplomberieducanal.com\/wp-content\/uploads\/2021\/05\/Eddy-Frogeais.jpg?resize=1024%2C1024&#038;ssl=1\" alt=\"\" class=\"wp-image-335\" srcset=\"https:\/\/i0.wp.com\/laplomberieducanal.com\/wp-content\/uploads\/2021\/05\/Eddy-Frogeais.jpg?resize=1024%2C1024&amp;ssl=1 1024w, https:\/\/i0.wp.com\/laplomberieducanal.com\/wp-content\/uploads\/2021\/05\/Eddy-Frogeais.jpg?resize=300%2C300&amp;ssl=1 300w, https:\/\/i0.wp.com\/laplomberieducanal.com\/wp-content\/uploads\/2021\/05\/Eddy-Frogeais.jpg?resize=150%2C150&amp;ssl=1 150w, https:\/\/i0.wp.com\/laplomberieducanal.com\/wp-content\/uploads\/2021\/05\/Eddy-Frogeais.jpg?resize=768%2C768&amp;ssl=1 768w, https:\/\/i0.wp.com\/laplomberieducanal.com\/wp-content\/uploads\/2021\/05\/Eddy-Frogeais.jpg?w=1080&amp;ssl=1 1080w\" sizes=\"(max-width: 1024px) 100vw, 1024px\" \/><\/figure>\n\n\n\n<div class=\"wp-block-buttons is-content-justification-center is-layout-flex wp-block-buttons-is-layout-flex\">\n<div class=\"wp-block-button\"><a class=\"wp-block-button__link has-background\" href=\"http:\/\/comedien.frogeais.free.fr\/Eddy_Frogeais_comedien\/Tout_Eddy_....html\" style=\"background-color:#febe32\" target=\"_blank\" rel=\"noreferrer noopener\">D\u00e9couvrir son travail<\/a><\/div>\n<\/div>\n<\/div>\n<\/div>\n\n\n\n<hr class=\"wp-block-separator\"\/>\n\n\n\n<div class=\"wp-block-columns is-layout-flex wp-container-core-columns-is-layout-6 wp-block-columns-is-layout-flex\">\n<div class=\"wp-block-column is-layout-flow wp-block-column-is-layout-flow\" style=\"flex-basis:33.33%\"><\/div>\n\n\n\n<div class=\"wp-block-column is-vertically-aligned-center is-layout-flow wp-block-column-is-layout-flow\" style=\"flex-basis:66.66%\">\n<h3 class=\"wp-block-heading\">Vincent Leclerc<\/h3>\n\n\n\n<h4 class=\"has-text-color wp-block-heading\" style=\"color:#a70048\">Autre membre<\/h4>\n\n\n\n<p>Aide soignant dipl\u00f4m\u00e9, il travaille pour Handicap service 35, une structure m\u00e9dico-sociale qui intervient au domicile de personnes en situation de handicap.<br>Ami de longue date d\u2019Eddy Frogeais, il partage avec lui les valeurs de partage et d\u2019entraide. Depuis 2009, il est un b\u00e9n\u00e9vole actif et s\u2019investit \u00e0 l\u2019accueil du public et de la buvette lors des rendez-vous artistiques et culturels (Festival O Canal, Croc\u2019n Shows\u2026) qu\u2019il promeut activement.<\/p>\n\n\n\n<p><strong>R\u00e9f\u00e9rence culturelle<\/strong> : Patrick S\u00e9bastien<\/p>\n<\/div>\n<\/div>\n\n\n\n<hr class=\"wp-block-separator is-style-default\"\/>\n\n\n\n<h2 class=\"has-text-color wp-block-heading\" style=\"color:#a70048\">Partenaires du Coll\u00e8ge Associatif<\/h2>\n\n\n\n<div class=\"wp-block-columns is-layout-flex wp-container-core-columns-is-layout-7 wp-block-columns-is-layout-flex\">\n<div class=\"wp-block-column is-vertically-aligned-center is-layout-flow wp-block-column-is-layout-flow\" style=\"flex-basis:66.66%\">\n<h3 class=\"wp-block-heading\">Comit\u00e9 de Quartier Saint-Martin<\/h3>\n\n\n\n<p>Voisin de La Plomberie du Canal, le comit\u00e9 de quartier est un acteur essentiel \u00e0 la vie des Prairies Saint-Martin. <br>Partenaire de longue date, ils nous apportent une aide pr\u00e9cieuse dans le coll\u00e8ge associatif.<\/p>\n\n\n\n<div class=\"wp-block-buttons is-content-justification-center is-layout-flex wp-block-buttons-is-layout-flex\">\n<div class=\"wp-block-button\"><a class=\"wp-block-button__link has-background\" href=\"http:\/\/www.comitestmartin.fr\/\" style=\"background-color:#febe32\" target=\"_blank\" rel=\"noreferrer noopener\">Comit\u00e9 de Quartier Saint-Martin<\/a><\/div>\n<\/div>\n<\/div>\n\n\n\n<div class=\"wp-block-column is-layout-flow wp-block-column-is-layout-flow\" style=\"flex-basis:33.33%\">\n<div class=\"wp-block-image is-style-rounded\"><figure class=\"aligncenter size-large is-resized\"><img data-recalc-dims=\"1\" loading=\"lazy\" decoding=\"async\" data-attachment-id=\"217\" data-permalink=\"https:\/\/laplomberieducanal.com\/cropped-thumbnail_logo-comite-de-quartier1-jpg\/\" data-orig-file=\"https:\/\/i0.wp.com\/laplomberieducanal.com\/wp-content\/uploads\/2021\/05\/cropped-thumbnail_Logo-Comite\u0301-de-Quartier1.jpg?fit=305%2C305&amp;ssl=1\" data-orig-size=\"305,305\" data-comments-opened=\"1\" data-image-meta=\"{&quot;aperture&quot;:&quot;0&quot;,&quot;credit&quot;:&quot;&quot;,&quot;camera&quot;:&quot;&quot;,&quot;caption&quot;:&quot;&quot;,&quot;created_timestamp&quot;:&quot;0&quot;,&quot;copyright&quot;:&quot;&quot;,&quot;focal_length&quot;:&quot;0&quot;,&quot;iso&quot;:&quot;0&quot;,&quot;shutter_speed&quot;:&quot;0&quot;,&quot;title&quot;:&quot;&quot;,&quot;orientation&quot;:&quot;0&quot;}\" data-image-title=\"Logo Comite\u0301 de Quartier Saint-Martin\" data-image-description=\"&lt;p&gt;Logo Comite\u0301 de Quartier Saint-Martin&lt;\/p&gt;\n\" data-image-caption=\"&lt;p&gt;Logo Comite\u0301 de Quartier Saint-Martin&lt;\/p&gt;\n\" data-medium-file=\"https:\/\/i0.wp.com\/laplomberieducanal.com\/wp-content\/uploads\/2021\/05\/cropped-thumbnail_Logo-Comite\u0301-de-Quartier1.jpg?fit=300%2C300&amp;ssl=1\" data-large-file=\"https:\/\/i0.wp.com\/laplomberieducanal.com\/wp-content\/uploads\/2021\/05\/cropped-thumbnail_Logo-Comite\u0301-de-Quartier1.jpg?fit=305%2C305&amp;ssl=1\" tabindex=\"0\" role=\"button\" src=\"https:\/\/i0.wp.com\/laplomberieducanal.com\/wp-content\/uploads\/2021\/05\/cropped-thumbnail_Logo-Comite\u0301-de-Quartier1.jpg?resize=200%2C200&#038;ssl=1\" alt=\"Logo Comite\u0301 de Quartier Saint-Martin\" class=\"wp-image-217\" width=\"200\" height=\"200\" srcset=\"https:\/\/i0.wp.com\/laplomberieducanal.com\/wp-content\/uploads\/2021\/05\/cropped-thumbnail_Logo-Comite\u0301-de-Quartier1.jpg?w=305&amp;ssl=1 305w, https:\/\/i0.wp.com\/laplomberieducanal.com\/wp-content\/uploads\/2021\/05\/cropped-thumbnail_Logo-Comite\u0301-de-Quartier1.jpg?resize=300%2C300&amp;ssl=1 300w, https:\/\/i0.wp.com\/laplomberieducanal.com\/wp-content\/uploads\/2021\/05\/cropped-thumbnail_Logo-Comite\u0301-de-Quartier1.jpg?resize=150%2C150&amp;ssl=1 150w\" sizes=\"(max-width: 200px) 100vw, 200px\" \/><\/figure><\/div>\n<\/div>\n<\/div>\n\n\n\n<div class=\"wp-block-columns is-layout-flex wp-container-core-columns-is-layout-8 wp-block-columns-is-layout-flex\">\n<div class=\"wp-block-column is-layout-flow wp-block-column-is-layout-flow\" style=\"flex-basis:33.33%\">\n<div class=\"wp-block-image is-style-rounded\"><figure class=\"aligncenter size-large is-resized\"><img data-recalc-dims=\"1\" loading=\"lazy\" decoding=\"async\" data-attachment-id=\"215\" data-permalink=\"https:\/\/laplomberieducanal.com\/cropped-logo-gaterie-png\/\" data-orig-file=\"https:\/\/i0.wp.com\/laplomberieducanal.com\/wp-content\/uploads\/2021\/05\/cropped-logo-gaterie.png?fit=360%2C360&amp;ssl=1\" data-orig-size=\"360,360\" data-comments-opened=\"1\" data-image-meta=\"{&quot;aperture&quot;:&quot;0&quot;,&quot;credit&quot;:&quot;&quot;,&quot;camera&quot;:&quot;&quot;,&quot;caption&quot;:&quot;&quot;,&quot;created_timestamp&quot;:&quot;0&quot;,&quot;copyright&quot;:&quot;&quot;,&quot;focal_length&quot;:&quot;0&quot;,&quot;iso&quot;:&quot;0&quot;,&quot;shutter_speed&quot;:&quot;0&quot;,&quot;title&quot;:&quot;&quot;,&quot;orientation&quot;:&quot;0&quot;}\" data-image-title=\"Logo Th\u00e9\u00e2tre de la G\u00e2terie\" data-image-description=\"&lt;p&gt;Logo Th\u00e9\u00e2tre de la G\u00e2terie&lt;\/p&gt;\n\" data-image-caption=\"&lt;p&gt;Logo Th\u00e9\u00e2tre de la G\u00e2terie&lt;\/p&gt;\n\" data-medium-file=\"https:\/\/i0.wp.com\/laplomberieducanal.com\/wp-content\/uploads\/2021\/05\/cropped-logo-gaterie.png?fit=300%2C300&amp;ssl=1\" data-large-file=\"https:\/\/i0.wp.com\/laplomberieducanal.com\/wp-content\/uploads\/2021\/05\/cropped-logo-gaterie.png?fit=360%2C360&amp;ssl=1\" tabindex=\"0\" role=\"button\" src=\"https:\/\/i0.wp.com\/laplomberieducanal.com\/wp-content\/uploads\/2021\/05\/cropped-logo-gaterie.png?resize=200%2C200&#038;ssl=1\" alt=\"Logo Th\u00e9\u00e2tre de la G\u00e2terie\" class=\"wp-image-215\" width=\"200\" height=\"200\" srcset=\"https:\/\/i0.wp.com\/laplomberieducanal.com\/wp-content\/uploads\/2021\/05\/cropped-logo-gaterie.png?w=360&amp;ssl=1 360w, https:\/\/i0.wp.com\/laplomberieducanal.com\/wp-content\/uploads\/2021\/05\/cropped-logo-gaterie.png?resize=300%2C300&amp;ssl=1 300w, https:\/\/i0.wp.com\/laplomberieducanal.com\/wp-content\/uploads\/2021\/05\/cropped-logo-gaterie.png?resize=150%2C150&amp;ssl=1 150w\" sizes=\"(max-width: 200px) 100vw, 200px\" \/><\/figure><\/div>\n<\/div>\n\n\n\n<div class=\"wp-block-column is-vertically-aligned-center is-layout-flow wp-block-column-is-layout-flow\" style=\"flex-basis:66.66%\">\n<h3 class=\"wp-block-heading\">Th\u00e9\u00e2tre de la G\u00e2terie<\/h3>\n\n\n\n<p>Bas\u00e9 \u00e0 Saint-Gr\u00e9goire, le Th\u00e9\u00e2tre de la G\u00e2terie est une association originale compos\u00e9e d\u2019une troupe de th\u00e9\u00e2tre amateur et d\u2019une \u00e9cole de th\u00e9\u00e2tre, dont les valeurs sont communes \u00e0 celles de La Plomberie du Canal.<\/p>\n\n\n\n<div class=\"wp-block-buttons is-content-justification-center is-layout-flex wp-block-buttons-is-layout-flex\">\n<div class=\"wp-block-button\"><a class=\"wp-block-button__link has-background\" href=\"https:\/\/theatredelagaterie.com\/\" style=\"background-color:#febe32\" target=\"_blank\" rel=\"noreferrer noopener\">Th\u00e9\u00e2tre de la G\u00e2terie<\/a><\/div>\n<\/div>\n<\/div>\n<\/div>\n\n\n\n<h2 class=\"has-text-color wp-block-heading\" style=\"color:#a70048\">Communication<\/h2>\n\n\n\n<div class=\"wp-block-columns is-layout-flex wp-container-core-columns-is-layout-9 wp-block-columns-is-layout-flex\">\n<div class=\"wp-block-column is-layout-flow wp-block-column-is-layout-flow\" style=\"flex-basis:66.66%\">\n<h3 class=\"wp-block-heading\">No\u00e9mie Clauzet<\/h3>\n\n\n\n<p>\u00c9tudiante en Master 2 Culture et Communication, No\u00e9mie nous a rejoint en septembre 2020 \u00e0 l\u2019occasion d\u2019un stage, n\u00e9cessaire pour valider sa formation universitaire.<br>En tant que charg\u00e9e de projets communication, elle a engag\u00e9 une refonte structurelle de l\u2019association, du point de vue de sa communication. \u00c9galement, elle a assur\u00e9 6 ateliers th\u00e9\u00e2tre et nous aide \u00e0 d\u00e9velopper nos projets artistiques et culturels.<br>Son stage est l\u2019occasion pour elle de r\u00e9diger son m\u00e9moire universitaire&nbsp;: <em>Organisations hybrides et professions artistiques<\/em>.<\/p>\n\n\n\n<p><strong>R\u00e9f\u00e9rence culturelle<\/strong> : <em>Shutter Island<\/em> de Martin Scorsese (2010).<\/p>\n<\/div>\n\n\n\n<div class=\"wp-block-column is-layout-flow wp-block-column-is-layout-flow\" style=\"flex-basis:33.33%\">\n<div class=\"wp-block-image is-style-rounded\"><figure class=\"aligncenter size-large is-resized\"><img data-recalc-dims=\"1\" loading=\"lazy\" decoding=\"async\" data-attachment-id=\"219\" data-permalink=\"https:\/\/laplomberieducanal.com\/cropped-sans-titre-png\/\" data-orig-file=\"https:\/\/i0.wp.com\/laplomberieducanal.com\/wp-content\/uploads\/2021\/05\/cropped-Sans-titre.png?fit=500%2C500&amp;ssl=1\" data-orig-size=\"500,500\" data-comments-opened=\"1\" data-image-meta=\"{&quot;aperture&quot;:&quot;0&quot;,&quot;credit&quot;:&quot;&quot;,&quot;camera&quot;:&quot;&quot;,&quot;caption&quot;:&quot;&quot;,&quot;created_timestamp&quot;:&quot;0&quot;,&quot;copyright&quot;:&quot;&quot;,&quot;focal_length&quot;:&quot;0&quot;,&quot;iso&quot;:&quot;0&quot;,&quot;shutter_speed&quot;:&quot;0&quot;,&quot;title&quot;:&quot;&quot;,&quot;orientation&quot;:&quot;0&quot;}\" data-image-title=\"No\u00e9mie Clauzet\" data-image-description=\"&lt;p&gt;No\u00e9mie Clauzet&lt;\/p&gt;\n\" data-image-caption=\"&lt;p&gt;No\u00e9mie Clauzet&lt;\/p&gt;\n\" data-medium-file=\"https:\/\/i0.wp.com\/laplomberieducanal.com\/wp-content\/uploads\/2021\/05\/cropped-Sans-titre.png?fit=300%2C300&amp;ssl=1\" data-large-file=\"https:\/\/i0.wp.com\/laplomberieducanal.com\/wp-content\/uploads\/2021\/05\/cropped-Sans-titre.png?fit=500%2C500&amp;ssl=1\" tabindex=\"0\" role=\"button\" src=\"https:\/\/i0.wp.com\/laplomberieducanal.com\/wp-content\/uploads\/2021\/05\/cropped-Sans-titre.png?resize=200%2C200&#038;ssl=1\" alt=\"No\u00e9mie Clauzet\" class=\"wp-image-219\" width=\"200\" height=\"200\" srcset=\"https:\/\/i0.wp.com\/laplomberieducanal.com\/wp-content\/uploads\/2021\/05\/cropped-Sans-titre.png?w=500&amp;ssl=1 500w, https:\/\/i0.wp.com\/laplomberieducanal.com\/wp-content\/uploads\/2021\/05\/cropped-Sans-titre.png?resize=300%2C300&amp;ssl=1 300w, https:\/\/i0.wp.com\/laplomberieducanal.com\/wp-content\/uploads\/2021\/05\/cropped-Sans-titre.png?resize=150%2C150&amp;ssl=1 150w\" sizes=\"(max-width: 200px) 100vw, 200px\" \/><\/figure><\/div>\n\n\n\n<div class=\"wp-block-buttons is-content-justification-center is-layout-flex wp-block-buttons-is-layout-flex\">\n<div class=\"wp-block-button\"><a class=\"wp-block-button__link has-background\" href=\"http:\/\/www.linkedin.com\/in\/noemie-clauzet-86017616b\" style=\"background-color:#febe32\" target=\"_blank\" rel=\"noreferrer noopener\">D\u00e9couvrir son travail<\/a><\/div>\n<\/div>\n<\/div>\n<\/div>\n","protected":false},"excerpt":{"rendered":"<p>La Plomberie du Canal, c\u2019est aussi un coll\u00e8ge associatif compos\u00e9 de passionn\u00e9s des arts et de la culture. Sous gouvernance coll\u00e9giale, l\u2019association se compose de membres actifs pour lui permettre de mener \u00e0 bien ses missions tout en garantissant le respect de nos valeurs.Le coll\u00e8ge associatif se compose de trois membres d\u00e9cisionnaires et de trois&hellip; <br \/> <a class=\"read-more\" href=\"https:\/\/laplomberieducanal.com\/index.php\/association-laplomberieducanal\/equipe\/\">Lire la suite<\/a><\/p>\n","protected":false},"author":1,"featured_media":0,"parent":11,"menu_order":0,"comment_status":"open","ping_status":"closed","template":"","meta":{"footnotes":""},"yoast_head":"<!-- This site is optimized with the Yoast SEO plugin v23.0 - https:\/\/yoast.com\/wordpress\/plugins\/seo\/ -->\n<title>Notre \u00e9quipe - La Plomberie du Canal<\/title>\n<meta name=\"robots\" content=\"index, follow, max-snippet:-1, max-image-preview:large, max-video-preview:-1\" \/>\n<link rel=\"canonical\" href=\"https:\/\/laplomberieducanal.com\/index.php\/association-laplomberieducanal\/equipe\/\" \/>\n<meta property=\"og:locale\" content=\"fr_FR\" \/>\n<meta property=\"og:type\" content=\"article\" \/>\n<meta property=\"og:title\" content=\"Notre \u00e9quipe - La Plomberie du Canal\" \/>\n<meta property=\"og:description\" content=\"La Plomberie du Canal, c\u2019est aussi un coll\u00e8ge associatif compos\u00e9 de passionn\u00e9s des arts et de la culture. Sous gouvernance coll\u00e9giale, l\u2019association se compose de membres actifs pour lui permettre de mener \u00e0 bien ses missions tout en garantissant le respect de nos valeurs.Le coll\u00e8ge associatif se compose de trois membres d\u00e9cisionnaires et de trois&hellip; Lire la suite\" \/>\n<meta property=\"og:url\" content=\"https:\/\/laplomberieducanal.com\/index.php\/association-laplomberieducanal\/equipe\/\" \/>\n<meta property=\"og:site_name\" content=\"La Plomberie du Canal\" \/>\n<meta property=\"article:modified_time\" content=\"2021-06-10T08:58:55+00:00\" \/>\n<meta property=\"og:image\" content=\"https:\/\/laplomberieducanal.com\/wp-content\/uploads\/2021\/05\/Catherine-Riverain-1024x1024.jpg\" \/>\n<meta name=\"twitter:card\" content=\"summary_large_image\" \/>\n<meta name=\"twitter:label1\" content=\"Dur\u00e9e de lecture estim\u00e9e\" \/>\n\t<meta name=\"twitter:data1\" content=\"6 minutes\" \/>\n<script type=\"application\/ld+json\" class=\"yoast-schema-graph\">{\"@context\":\"https:\/\/schema.org\",\"@graph\":[{\"@type\":\"WebPage\",\"@id\":\"https:\/\/laplomberieducanal.com\/index.php\/association-laplomberieducanal\/equipe\/\",\"url\":\"https:\/\/laplomberieducanal.com\/index.php\/association-laplomberieducanal\/equipe\/\",\"name\":\"Notre \u00e9quipe - La Plomberie du Canal\",\"isPartOf\":{\"@id\":\"https:\/\/laplomberieducanal.com\/#website\"},\"primaryImageOfPage\":{\"@id\":\"https:\/\/laplomberieducanal.com\/index.php\/association-laplomberieducanal\/equipe\/#primaryimage\"},\"image\":{\"@id\":\"https:\/\/laplomberieducanal.com\/index.php\/association-laplomberieducanal\/equipe\/#primaryimage\"},\"thumbnailUrl\":\"https:\/\/laplomberieducanal.com\/wp-content\/uploads\/2021\/05\/Catherine-Riverain-1024x1024.jpg\",\"datePublished\":\"2021-05-17T14:10:41+00:00\",\"dateModified\":\"2021-06-10T08:58:55+00:00\",\"breadcrumb\":{\"@id\":\"https:\/\/laplomberieducanal.com\/index.php\/association-laplomberieducanal\/equipe\/#breadcrumb\"},\"inLanguage\":\"fr-FR\",\"potentialAction\":[{\"@type\":\"ReadAction\",\"target\":[\"https:\/\/laplomberieducanal.com\/index.php\/association-laplomberieducanal\/equipe\/\"]}]},{\"@type\":\"ImageObject\",\"inLanguage\":\"fr-FR\",\"@id\":\"https:\/\/laplomberieducanal.com\/index.php\/association-laplomberieducanal\/equipe\/#primaryimage\",\"url\":\"https:\/\/laplomberieducanal.com\/wp-content\/uploads\/2021\/05\/Catherine-Riverain-1024x1024.jpg\",\"contentUrl\":\"https:\/\/laplomberieducanal.com\/wp-content\/uploads\/2021\/05\/Catherine-Riverain-1024x1024.jpg\"},{\"@type\":\"BreadcrumbList\",\"@id\":\"https:\/\/laplomberieducanal.com\/index.php\/association-laplomberieducanal\/equipe\/#breadcrumb\",\"itemListElement\":[{\"@type\":\"ListItem\",\"position\":1,\"name\":\"Accueil\",\"item\":\"https:\/\/laplomberieducanal.com\/\"},{\"@type\":\"ListItem\",\"position\":2,\"name\":\"L&#8217;association\",\"item\":\"https:\/\/laplomberieducanal.com\/index.php\/association-laplomberieducanal\/\"},{\"@type\":\"ListItem\",\"position\":3,\"name\":\"Notre \u00e9quipe\"}]},{\"@type\":\"WebSite\",\"@id\":\"https:\/\/laplomberieducanal.com\/#website\",\"url\":\"https:\/\/laplomberieducanal.com\/\",\"name\":\"La Plomberie du Canal\",\"description\":\"Association artistique et culturelle\",\"publisher\":{\"@id\":\"https:\/\/laplomberieducanal.com\/#organization\"},\"potentialAction\":[{\"@type\":\"SearchAction\",\"target\":{\"@type\":\"EntryPoint\",\"urlTemplate\":\"https:\/\/laplomberieducanal.com\/?s={search_term_string}\"},\"query-input\":\"required name=search_term_string\"}],\"inLanguage\":\"fr-FR\"},{\"@type\":\"Organization\",\"@id\":\"https:\/\/laplomberieducanal.com\/#organization\",\"name\":\"La Plomberie du Canal\",\"url\":\"https:\/\/laplomberieducanal.com\/\",\"logo\":{\"@type\":\"ImageObject\",\"inLanguage\":\"fr-FR\",\"@id\":\"https:\/\/laplomberieducanal.com\/#\/schema\/logo\/image\/\",\"url\":\"https:\/\/i0.wp.com\/laplomberieducanal.com\/wp-content\/uploads\/2023\/04\/cropped-Logo-La-Plomberie-du-Canal-couleur-sans-contour.png?fit=2105%2C1964&ssl=1\",\"contentUrl\":\"https:\/\/i0.wp.com\/laplomberieducanal.com\/wp-content\/uploads\/2023\/04\/cropped-Logo-La-Plomberie-du-Canal-couleur-sans-contour.png?fit=2105%2C1964&ssl=1\",\"width\":2105,\"height\":1964,\"caption\":\"La Plomberie du Canal\"},\"image\":{\"@id\":\"https:\/\/laplomberieducanal.com\/#\/schema\/logo\/image\/\"}}]}<\/script>\n<!-- \/ Yoast SEO plugin. -->","yoast_head_json":{"title":"Notre \u00e9quipe - La Plomberie du Canal","robots":{"index":"index","follow":"follow","max-snippet":"max-snippet:-1","max-image-preview":"max-image-preview:large","max-video-preview":"max-video-preview:-1"},"canonical":"https:\/\/laplomberieducanal.com\/index.php\/association-laplomberieducanal\/equipe\/","og_locale":"fr_FR","og_type":"article","og_title":"Notre \u00e9quipe - La Plomberie du Canal","og_description":"La Plomberie du Canal, c\u2019est aussi un coll\u00e8ge associatif compos\u00e9 de passionn\u00e9s des arts et de la culture. Sous gouvernance coll\u00e9giale, l\u2019association se compose de membres actifs pour lui permettre de mener \u00e0 bien ses missions tout en garantissant le respect de nos valeurs.Le coll\u00e8ge associatif se compose de trois membres d\u00e9cisionnaires et de trois&hellip; Lire la suite","og_url":"https:\/\/laplomberieducanal.com\/index.php\/association-laplomberieducanal\/equipe\/","og_site_name":"La Plomberie du Canal","article_modified_time":"2021-06-10T08:58:55+00:00","og_image":[{"url":"https:\/\/laplomberieducanal.com\/wp-content\/uploads\/2021\/05\/Catherine-Riverain-1024x1024.jpg"}],"twitter_card":"summary_large_image","twitter_misc":{"Dur\u00e9e de lecture estim\u00e9e":"6 minutes"},"schema":{"@context":"https:\/\/schema.org","@graph":[{"@type":"WebPage","@id":"https:\/\/laplomberieducanal.com\/index.php\/association-laplomberieducanal\/equipe\/","url":"https:\/\/laplomberieducanal.com\/index.php\/association-laplomberieducanal\/equipe\/","name":"Notre \u00e9quipe - La Plomberie du Canal","isPartOf":{"@id":"https:\/\/laplomberieducanal.com\/#website"},"primaryImageOfPage":{"@id":"https:\/\/laplomberieducanal.com\/index.php\/association-laplomberieducanal\/equipe\/#primaryimage"},"image":{"@id":"https:\/\/laplomberieducanal.com\/index.php\/association-laplomberieducanal\/equipe\/#primaryimage"},"thumbnailUrl":"https:\/\/laplomberieducanal.com\/wp-content\/uploads\/2021\/05\/Catherine-Riverain-1024x1024.jpg","datePublished":"2021-05-17T14:10:41+00:00","dateModified":"2021-06-10T08:58:55+00:00","breadcrumb":{"@id":"https:\/\/laplomberieducanal.com\/index.php\/association-laplomberieducanal\/equipe\/#breadcrumb"},"inLanguage":"fr-FR","potentialAction":[{"@type":"ReadAction","target":["https:\/\/laplomberieducanal.com\/index.php\/association-laplomberieducanal\/equipe\/"]}]},{"@type":"ImageObject","inLanguage":"fr-FR","@id":"https:\/\/laplomberieducanal.com\/index.php\/association-laplomberieducanal\/equipe\/#primaryimage","url":"https:\/\/laplomberieducanal.com\/wp-content\/uploads\/2021\/05\/Catherine-Riverain-1024x1024.jpg","contentUrl":"https:\/\/laplomberieducanal.com\/wp-content\/uploads\/2021\/05\/Catherine-Riverain-1024x1024.jpg"},{"@type":"BreadcrumbList","@id":"https:\/\/laplomberieducanal.com\/index.php\/association-laplomberieducanal\/equipe\/#breadcrumb","itemListElement":[{"@type":"ListItem","position":1,"name":"Accueil","item":"https:\/\/laplomberieducanal.com\/"},{"@type":"ListItem","position":2,"name":"L&#8217;association","item":"https:\/\/laplomberieducanal.com\/index.php\/association-laplomberieducanal\/"},{"@type":"ListItem","position":3,"name":"Notre \u00e9quipe"}]},{"@type":"WebSite","@id":"https:\/\/laplomberieducanal.com\/#website","url":"https:\/\/laplomberieducanal.com\/","name":"La Plomberie du Canal","description":"Association artistique et culturelle","publisher":{"@id":"https:\/\/laplomberieducanal.com\/#organization"},"potentialAction":[{"@type":"SearchAction","target":{"@type":"EntryPoint","urlTemplate":"https:\/\/laplomberieducanal.com\/?s={search_term_string}"},"query-input":"required name=search_term_string"}],"inLanguage":"fr-FR"},{"@type":"Organization","@id":"https:\/\/laplomberieducanal.com\/#organization","name":"La Plomberie du Canal","url":"https:\/\/laplomberieducanal.com\/","logo":{"@type":"ImageObject","inLanguage":"fr-FR","@id":"https:\/\/laplomberieducanal.com\/#\/schema\/logo\/image\/","url":"https:\/\/i0.wp.com\/laplomberieducanal.com\/wp-content\/uploads\/2023\/04\/cropped-Logo-La-Plomberie-du-Canal-couleur-sans-contour.png?fit=2105%2C1964&ssl=1","contentUrl":"https:\/\/i0.wp.com\/laplomberieducanal.com\/wp-content\/uploads\/2023\/04\/cropped-Logo-La-Plomberie-du-Canal-couleur-sans-contour.png?fit=2105%2C1964&ssl=1","width":2105,"height":1964,"caption":"La Plomberie du Canal"},"image":{"@id":"https:\/\/laplomberieducanal.com\/#\/schema\/logo\/image\/"}}]}},"jetpack_sharing_enabled":true,"jetpack_likes_enabled":true,"jetpack_shortlink":"https:\/\/wp.me\/PdRAvF-l","_links":{"self":[{"href":"https:\/\/laplomberieducanal.com\/index.php\/wp-json\/wp\/v2\/pages\/21"}],"collection":[{"href":"https:\/\/laplomberieducanal.com\/index.php\/wp-json\/wp\/v2\/pages"}],"about":[{"href":"https:\/\/laplomberieducanal.com\/index.php\/wp-json\/wp\/v2\/types\/page"}],"author":[{"embeddable":true,"href":"https:\/\/laplomberieducanal.com\/index.php\/wp-json\/wp\/v2\/users\/1"}],"replies":[{"embeddable":true,"href":"https:\/\/laplomberieducanal.com\/index.php\/wp-json\/wp\/v2\/comments?post=21"}],"version-history":[{"count":32,"href":"https:\/\/laplomberieducanal.com\/index.php\/wp-json\/wp\/v2\/pages\/21\/revisions"}],"predecessor-version":[{"id":1082,"href":"https:\/\/laplomberieducanal.com\/index.php\/wp-json\/wp\/v2\/pages\/21\/revisions\/1082"}],"up":[{"embeddable":true,"href":"https:\/\/laplomberieducanal.com\/index.php\/wp-json\/wp\/v2\/pages\/11"}],"wp:attachment":[{"href":"https:\/\/laplomberieducanal.com\/index.php\/wp-json\/wp\/v2\/media?parent=21"}],"curies":[{"name":"wp","href":"https:\/\/api.w.org\/{rel}","templated":true}]}}